{"id":62,"date":"2025-08-21T17:11:29","date_gmt":"2025-08-21T15:11:29","guid":{"rendered":"http:\/\/ard58.fr\/?page_id=62"},"modified":"2025-10-31T08:03:02","modified_gmt":"2025-10-31T06:03:02","slug":"on-parle-de-nous","status":"publish","type":"page","link":"https:\/\/ard58.fr\/index.php\/on-parle-de-nous\/","title":{"rendered":"On parle de nous"},"content":{"rendered":"\n<h2>\n\t\t\tOn parle r\u00e9guli\u00e8rement de l&rsquo;ARD dans les m\u00e9dias locaux\t<\/h2>\n\t<p>Vous trouverez ci-dessous quelques publications, d&rsquo;autres figurent sur les pages sp\u00e9cifiques correspondant \u00e0 la th\u00e9matique des articles ou sujets (par exemple: annonce de sortie, assembl\u00e9e g\u00e9n\u00e9rale, escapade, randonn\u00e9e, rencontre des 3 marches,&#8230;)<\/p>\n\t\t\t\t<img decoding=\"async\" src=\"http:\/\/ard58.fr\/wp-content\/uploads\/2025\/08\/Photo-groupe-La-Chaise-Dieu-2025-scaled.jpg\" alt=\"Photo groupe La Chaise Dieu 2025\" itemprop=\"image\" title=\"Photo groupe La Chaise Dieu 2025\" onerror=\"this.style.display='none'\" loading=\"lazy\" \/>\n<h2>\n\t\t\tJournal du Centre\t<\/h2>\n\t<p>Le Journal du Centre communique chaque quinzaine les activit\u00e9s du club et propose r\u00e9guli\u00e8rement d&rsquo;annoncer les escapades et de dresser le compte-rendu des sorties.<\/p>\n<p><img loading=\"lazy\" decoding=\"async\" src=\"http:\/\/ard58.fr\/wp-content\/uploads\/2025\/08\/Haute-Loire-1-300x107.png\" alt=\"\" width=\"457\" height=\"163\" \/><\/p>\n\t<p><a href=\"http:\/\/ard58.fr\/wp-content\/uploads\/2025\/10\/ARD-Article-JDC-AG-202520251018_07332025-1.pdf\">Article du Journal du Centre relatant l&rsquo;Assembl\u00e9e G\u00e9n\u00e9rale du 3 octobre 2025<\/a><\/p>\n<h2>\n\t\t\tMagazine municipal de Saint-L\u00e9ger-des-Vignes\t<\/h2>\n\t\t\t<a href=\"http:\/\/ard58.fr\/wp-content\/uploads\/2025\/08\/ARD-Article-magazine-municipal-Saint-Leger-des-Vignes-202520250821_16182211.pdf\" target=\"_self\">\n\t\t\t\t\t\t\tCliquez ici pour lire l&rsquo;article\n\t\t\t\t\t<\/a>\n<h4>\n\t\t\tSud Nivernais Radio\t<\/h4>\n\t<p>Le 22 octobre 2024, SNR diffusait une interview consacr\u00e9e \u00e0 l&rsquo;ARD (avec Maryse et Isabelle).<\/p>\n<p>Puis le 29 octobre 2025, la radio locale donnait de nouveau la parole \u00e0 l&rsquo;ARD (avec Martine et Isabelle)<\/p>\n<p>Vous pouvez entendre ou r\u00e9entendre ces magazines \u00e0 partir du lien ci-dessous.<\/p>\n<p>&nbsp;<\/p>\n\t\t<div class=\"wp-playlist wp-audio-playlist wp-playlist-light\">\n\t\t\t<div class=\"wp-playlist-current-item\"><\/div>\n\t\t<audio controls=\"controls\" preload=\"none\" width=\"1178\"\n\t\t\t><\/audio>\n\t<div class=\"wp-playlist-next\"><\/div>\n\t<div class=\"wp-playlist-prev\"><\/div>\n\t<noscript>\n\t<ol>\n\t\t<li><a href='https:\/\/ard58.fr\/wp-content\/uploads\/2025\/08\/20241017_132934_d650_snr-1.mp3'>20241017_132934_d650_snr (1)<\/a><\/li><li><a href='https:\/\/ard58.fr\/wp-content\/uploads\/2025\/10\/20251029_133027_d723_snr.mp3'>20251029_133027_d723_snr<\/a><\/li>\t<\/ol>\n\t<\/noscript>\n\t<script type=\"application\/json\" class=\"wp-playlist-script\">{\"type\":\"audio\",\"tracklist\":true,\"tracknumbers\":true,\"images\":true,\"artists\":true,\"tracks\":[{\"src\":\"https:\/\/ard58.fr\/wp-content\/uploads\/2025\/08\/20241017_132934_d650_snr-1.mp3\",\"type\":\"audio\/mpeg\",\"title\":\"20241017_132934_d650_snr (1)\",\"caption\":\"\",\"description\":\"\\u003Ci\\u003E20241017_132934_d650_snr (1)\\u003C\/i\\u003E.\",\"meta\":{\"length_formatted\":\"10:50\"},\"image\":{\"src\":\"https:\/\/ard58.fr\/wp-includes\/images\/media\/audio.svg\",\"width\":48,\"height\":64},\"thumb\":{\"src\":\"https:\/\/ard58.fr\/wp-includes\/images\/media\/audio.svg\",\"width\":48,\"height\":64}},{\"src\":\"https:\/\/ard58.fr\/wp-content\/uploads\/2025\/10\/20251029_133027_d723_snr.mp3\",\"type\":\"audio\/mpeg\",\"title\":\"20251029_133027_d723_snr\",\"caption\":\"\",\"description\":\"\\u003Ci\\u003E20251029_133027_d723_snr\\u003C\/i\\u003E.\",\"meta\":{\"length_formatted\":\"12:02\"},\"image\":{\"src\":\"https:\/\/ard58.fr\/wp-includes\/images\/media\/audio.svg\",\"width\":48,\"height\":64},\"thumb\":{\"src\":\"https:\/\/ard58.fr\/wp-includes\/images\/media\/audio.svg\",\"width\":48,\"height\":64}}]}<\/script>\n<\/div>\n\t\t\n\n","protected":false},"excerpt":{"rendered":"<p>On parle r\u00e9guli\u00e8rement de l&rsquo;ARD dans les m\u00e9dias locaux Vous trouverez ci-dessous quelques publications, d&rsquo;autres figurent sur les pages sp\u00e9cifiques correspondant \u00e0 la th\u00e9matique des articles ou sujets (par exemple: annonce de sortie, assembl\u00e9e g\u00e9n\u00e9rale, escapade, randonn\u00e9e, rencontre des 3 marches,&#8230;) Journal du Centre Le Journal du Centre communique chaque quinzaine les activit\u00e9s du club&hellip;&nbsp;<a href=\"https:\/\/ard58.fr\/index.php\/on-parle-de-nous\/\" rel=\"bookmark\"><span class=\"screen-reader-text\">On parle de nous<\/span><\/a><\/p>\n","protected":false},"author":1,"featured_media":0,"parent":0,"menu_order":0,"comment_status":"closed","ping_status":"closed","template":"","meta":{"neve_meta_sidebar":"","neve_meta_container":"","neve_meta_enable_content_width":"on","neve_meta_content_width":100,"neve_meta_title_alignment":"","neve_meta_author_avatar":"","neve_post_elements_order":"","neve_meta_disable_header":"","neve_meta_disable_footer":"","neve_meta_disable_title":"on","footnotes":""},"class_list":["post-62","page","type-page","status-publish","hentry"],"_links":{"self":[{"href":"https:\/\/ard58.fr\/index.php\/wp-json\/wp\/v2\/pages\/62","targetHints":{"allow":["GET"]}}],"collection":[{"href":"https:\/\/ard58.fr\/index.php\/wp-json\/wp\/v2\/pages"}],"about":[{"href":"https:\/\/ard58.fr\/index.php\/wp-json\/wp\/v2\/types\/page"}],"author":[{"embeddable":true,"href":"https:\/\/ard58.fr\/index.php\/wp-json\/wp\/v2\/users\/1"}],"replies":[{"embeddable":true,"href":"https:\/\/ard58.fr\/index.php\/wp-json\/wp\/v2\/comments?post=62"}],"version-history":[{"count":20,"href":"https:\/\/ard58.fr\/index.php\/wp-json\/wp\/v2\/pages\/62\/revisions"}],"predecessor-version":[{"id":794,"href":"https:\/\/ard58.fr\/index.php\/wp-json\/wp\/v2\/pages\/62\/revisions\/794"}],"wp:attachment":[{"href":"https:\/\/ard58.fr\/index.php\/wp-json\/wp\/v2\/media?parent=62"}],"curies":[{"name":"wp","href":"https:\/\/api.w.org\/{rel}","templated":true}]}}